{"id":909,"date":"2016-01-20T19:46:10","date_gmt":"2016-01-20T18:46:10","guid":{"rendered":"http:\/\/sonjafellner.com\/?page_id=909"},"modified":"2016-01-31T23:18:54","modified_gmt":"2016-01-31T22:18:54","slug":"vision","status":"publish","type":"page","link":"https:\/\/sonjafellner.com\/?page_id=909","title":{"rendered":"Vision"},"content":{"rendered":"<section class=\"wpb-content-wrapper\"><p>[vc_row full_width=&#8221;&#8221; parallax=&#8221;&#8221; parallax_image=&#8221;&#8221;][vc_column width=&#8221;1\/2&#8243;][vc_column_text]<\/p>\n<h1>Die Designerin<\/h1>\n<p style=\"text-align: justify;\">Sonja Fellner ist in der Steiermark, dem Herzgebiet der Trachtenmode in \u00d6sterreich, geboren und aufgewachsen. Schon ihre Mutter schneiderte f\u00fcr ihre T\u00f6chter Dirndln nach eigenem Entwurf.<a href=\"http:\/\/sonjafellner.com\/wp-content\/uploads\/2016\/01\/sonja-fellner-designerin.jpg\"><img decoding=\"async\" class=\"size-medium wp-image-936 alignright\" src=\"http:\/\/sonjafellner.com\/wp-content\/uploads\/2016\/01\/sonja-fellner-designerin-199x300.jpg\" alt=\"Sonja Fellner Designerin\" width=\"199\" height=\"300\" srcset=\"https:\/\/sonjafellner.com\/wp-content\/uploads\/2016\/01\/sonja-fellner-designerin-199x300.jpg 199w, https:\/\/sonjafellner.com\/wp-content\/uploads\/2016\/01\/sonja-fellner-designerin-100x150.jpg 100w, https:\/\/sonjafellner.com\/wp-content\/uploads\/2016\/01\/sonja-fellner-designerin-120x180.jpg 120w, https:\/\/sonjafellner.com\/wp-content\/uploads\/2016\/01\/sonja-fellner-designerin-399x600.jpg 399w, https:\/\/sonjafellner.com\/wp-content\/uploads\/2016\/01\/sonja-fellner-designerin.jpg 400w\" sizes=\"(max-width: 199px) 100vw, 199px\" \/><\/a><\/p>\n<p style=\"text-align: justify;\">Ihr Interesse an Stoffen und Schnitten, welches sie bereits in ihrer Kindheit entwickelte, wurde so auf nat\u00fcrliche Weise von Trachten gepr\u00e4gt. Durch ihre Ausbildung ist sie tief in der traditionellen hohen Schneiderskunst verwurzelt. In ihrer sp\u00e4teren Laufbahn entwickelte sie das Bewu\u00dftsein f\u00fcr den Gegensatz und das Bed\u00fcrfnis der Verbindung von Traditionellem und Modernem. Um ihre Vorstellungen uneingeschr\u00e4nkt verwirklichen zu k\u00f6nnen, gr\u00fcndete sie nach Jahren an Berufserfahrung im Modedesign ein eigenes Mode-Label.<\/p>\n<p>[\/vc_column_text][\/vc_column][vc_column width=&#8221;1\/2&#8243;][vc_column_text]<\/p>\n<h1>Die Vision<\/h1>\n<p>Das Ziel der Designerin ist, den Stil vergangener Tage zeitgem\u00e4\u00df zu interpretieren und f\u00fcr die heutige Zeit wieder tragbar zu machen. Sie versteht ihre Kollektionen einerseits als Mode gewordene Essenz von zeitlosen Werten wie Heimat, Kultur und Handwerkskunst und andererseits als Kreation von h\u00f6chster \u00c4sthetik und Qualit\u00e4t, mit zeitgem\u00e4\u00dfen Trendanspruch.<\/p>\n<p>Mit hochwertigen Materialien, erlesen Stoffen, aussergew\u00f6hnlichen Mustern, sowie einer eigenen, modernen und vollendeten Schnittf\u00fchrung betont sie mit ihren Modellen die feminine Silhouette dezent und prachtvoll zugleich. Mit vielen aufwendigen Details, in individueller Handarbeit und mit viel Liebe zum Detail gefertigt, l\u00e4\u00dft die Modelle edel wirken. Traditionell, kosmopolitisch und individuell sind f\u00fcr sie eine Symbiose und Teil ihrer Vision. Damit f\u00fchrt sie einen Ausdruck selbstbewusster Weiblichkeit und einer Aura wohlgeformten Stolzes herbei.<\/p>\n<p>Ein Zebra mit Hirschgeweih?<\/p>\n<p>Ja, die Designerin hat es gew\u00e4hlt, da es f\u00fcr die dahinter liegende Vision steht.[\/vc_column_text][\/vc_column][\/vc_row][vc_row full_width=&#8221;&#8221; parallax=&#8221;&#8221; parallax_image=&#8221;&#8221;][vc_column width=&#8221;1\/1&#8243;][vc_column_text]<br \/>\n[\/vc_column_text][\/vc_column][\/vc_row]<\/p>\n<\/section>","protected":false},"excerpt":{"rendered":"<p>[vc_row full_width=&#8221;&#8221; parallax=&#8221;&#8221; parallax_image=&#8221;&#8221;][vc_column width=&#8221;1\/2&#8243;][vc_column_text] Die Designerin Sonja Fellner ist in der Steiermark, dem Herzgebiet der Trachtenmode in \u00d6sterreich, geboren und aufgewachsen. Schon ihre Mutter schneiderte f\u00fcr ihre T\u00f6chter Dirndln nach eigenem Entwurf. Ihr Interesse an Stoffen und Schnitten, welches sie bereits in ihrer Kindheit entwickelte, wurde so auf nat\u00fcrliche Weise von Trachten gepr\u00e4gt. Durch<br class=\"read-more-spacer\"> <a class=\"more-link clearfix\" href=\"https:\/\/sonjafellner.com\/?page_id=909\">Read More<\/a><\/p>\n","protected":false},"author":1,"featured_media":0,"parent":0,"menu_order":0,"comment_status":"closed","ping_status":"closed","template":"","meta":[],"acf":[],"yoast_head":"<!-- This site is optimized with the Yoast SEO plugin v20.11 - https:\/\/yoast.com\/wordpress\/plugins\/seo\/ -->\n<title>Vision &ndash; Sonja Fellner<\/title>\n<meta name=\"robots\" content=\"index, follow, max-snippet:-1, max-image-preview:large, max-video-preview:-1\" \/>\n<link rel=\"canonical\" href=\"https:\/\/sonjafellner.com\/?page_id=909\" \/>\n<meta property=\"og:locale\" content=\"en_US\" \/>\n<meta property=\"og:type\" content=\"article\" \/>\n<meta property=\"og:title\" content=\"Vision &ndash; Sonja Fellner\" \/>\n<meta property=\"og:description\" content=\"[vc_row full_width=&#8221;&#8221; parallax=&#8221;&#8221; parallax_image=&#8221;&#8221;][vc_column width=&#8221;1\/2&#8243;][vc_column_text] Die Designerin Sonja Fellner ist in der Steiermark, dem Herzgebiet der Trachtenmode in \u00d6sterreich, geboren und aufgewachsen. Schon ihre Mutter schneiderte f\u00fcr ihre T\u00f6chter Dirndln nach eigenem Entwurf. Ihr Interesse an Stoffen und Schnitten, welches sie bereits in ihrer Kindheit entwickelte, wurde so auf nat\u00fcrliche Weise von Trachten gepr\u00e4gt. Durch Read More\" \/>\n<meta property=\"og:url\" content=\"https:\/\/sonjafellner.com\/?page_id=909\" \/>\n<meta property=\"og:site_name\" content=\"Sonja Fellner\" \/>\n<meta property=\"article:modified_time\" content=\"2016-01-31T22:18:54+00:00\" \/>\n<meta property=\"og:image\" content=\"http:\/\/sonjafellner.com\/wp-content\/uploads\/2016\/01\/sonja-fellner-designerin-199x300.jpg\" \/>\n<meta name=\"twitter:card\" content=\"summary_large_image\" \/>\n<meta name=\"twitter:label1\" content=\"Est. reading time\" \/>\n\t<meta name=\"twitter:data1\" content=\"2 minutes\" \/>\n<script type=\"application\/ld+json\" class=\"yoast-schema-graph\">{\"@context\":\"https:\/\/schema.org\",\"@graph\":[{\"@type\":\"WebPage\",\"@id\":\"https:\/\/sonjafellner.com\/?page_id=909\",\"url\":\"https:\/\/sonjafellner.com\/?page_id=909\",\"name\":\"Vision &ndash; Sonja Fellner\",\"isPartOf\":{\"@id\":\"https:\/\/sonjafellner.com\/#website\"},\"datePublished\":\"2016-01-20T18:46:10+00:00\",\"dateModified\":\"2016-01-31T22:18:54+00:00\",\"breadcrumb\":{\"@id\":\"https:\/\/sonjafellner.com\/?page_id=909#breadcrumb\"},\"inLanguage\":\"en-US\",\"potentialAction\":[{\"@type\":\"ReadAction\",\"target\":[\"https:\/\/sonjafellner.com\/?page_id=909\"]}]},{\"@type\":\"BreadcrumbList\",\"@id\":\"https:\/\/sonjafellner.com\/?page_id=909#breadcrumb\",\"itemListElement\":[{\"@type\":\"ListItem\",\"position\":1,\"name\":\"Home\",\"item\":\"https:\/\/sonjafellner.com\/\"},{\"@type\":\"ListItem\",\"position\":2,\"name\":\"Vision\"}]},{\"@type\":\"WebSite\",\"@id\":\"https:\/\/sonjafellner.com\/#website\",\"url\":\"https:\/\/sonjafellner.com\/\",\"name\":\"Sonja Fellner\",\"description\":\"Austria\",\"potentialAction\":[{\"@type\":\"SearchAction\",\"target\":{\"@type\":\"EntryPoint\",\"urlTemplate\":\"https:\/\/sonjafellner.com\/?s={search_term_string}\"},\"query-input\":\"required name=search_term_string\"}],\"inLanguage\":\"en-US\"}]}<\/script>\n<!-- \/ Yoast SEO plugin. -->","yoast_head_json":{"title":"Vision &ndash; Sonja Fellner","robots":{"index":"index","follow":"follow","max-snippet":"max-snippet:-1","max-image-preview":"max-image-preview:large","max-video-preview":"max-video-preview:-1"},"canonical":"https:\/\/sonjafellner.com\/?page_id=909","og_locale":"en_US","og_type":"article","og_title":"Vision &ndash; Sonja Fellner","og_description":"[vc_row full_width=&#8221;&#8221; parallax=&#8221;&#8221; parallax_image=&#8221;&#8221;][vc_column width=&#8221;1\/2&#8243;][vc_column_text] Die Designerin Sonja Fellner ist in der Steiermark, dem Herzgebiet der Trachtenmode in \u00d6sterreich, geboren und aufgewachsen. Schon ihre Mutter schneiderte f\u00fcr ihre T\u00f6chter Dirndln nach eigenem Entwurf. Ihr Interesse an Stoffen und Schnitten, welches sie bereits in ihrer Kindheit entwickelte, wurde so auf nat\u00fcrliche Weise von Trachten gepr\u00e4gt. Durch Read More","og_url":"https:\/\/sonjafellner.com\/?page_id=909","og_site_name":"Sonja Fellner","article_modified_time":"2016-01-31T22:18:54+00:00","og_image":[{"url":"http:\/\/sonjafellner.com\/wp-content\/uploads\/2016\/01\/sonja-fellner-designerin-199x300.jpg"}],"twitter_card":"summary_large_image","twitter_misc":{"Est. reading time":"2 minutes"},"schema":{"@context":"https:\/\/schema.org","@graph":[{"@type":"WebPage","@id":"https:\/\/sonjafellner.com\/?page_id=909","url":"https:\/\/sonjafellner.com\/?page_id=909","name":"Vision &ndash; Sonja Fellner","isPartOf":{"@id":"https:\/\/sonjafellner.com\/#website"},"datePublished":"2016-01-20T18:46:10+00:00","dateModified":"2016-01-31T22:18:54+00:00","breadcrumb":{"@id":"https:\/\/sonjafellner.com\/?page_id=909#breadcrumb"},"inLanguage":"en-US","potentialAction":[{"@type":"ReadAction","target":["https:\/\/sonjafellner.com\/?page_id=909"]}]},{"@type":"BreadcrumbList","@id":"https:\/\/sonjafellner.com\/?page_id=909#breadcrumb","itemListElement":[{"@type":"ListItem","position":1,"name":"Home","item":"https:\/\/sonjafellner.com\/"},{"@type":"ListItem","position":2,"name":"Vision"}]},{"@type":"WebSite","@id":"https:\/\/sonjafellner.com\/#website","url":"https:\/\/sonjafellner.com\/","name":"Sonja Fellner","description":"Austria","potentialAction":[{"@type":"SearchAction","target":{"@type":"EntryPoint","urlTemplate":"https:\/\/sonjafellner.com\/?s={search_term_string}"},"query-input":"required name=search_term_string"}],"inLanguage":"en-US"}]}},"_links":{"self":[{"href":"https:\/\/sonjafellner.com\/index.php?rest_route=\/wp\/v2\/pages\/909"}],"collection":[{"href":"https:\/\/sonjafellner.com\/index.php?rest_route=\/wp\/v2\/pages"}],"about":[{"href":"https:\/\/sonjafellner.com\/index.php?rest_route=\/wp\/v2\/types\/page"}],"author":[{"embeddable":true,"href":"https:\/\/sonjafellner.com\/index.php?rest_route=\/wp\/v2\/users\/1"}],"replies":[{"embeddable":true,"href":"https:\/\/sonjafellner.com\/index.php?rest_route=%2Fwp%2Fv2%2Fcomments&post=909"}],"version-history":[{"count":24,"href":"https:\/\/sonjafellner.com\/index.php?rest_route=\/wp\/v2\/pages\/909\/revisions"}],"predecessor-version":[{"id":979,"href":"https:\/\/sonjafellner.com\/index.php?rest_route=\/wp\/v2\/pages\/909\/revisions\/979"}],"wp:attachment":[{"href":"https:\/\/sonjafellner.com\/index.php?rest_route=%2Fwp%2Fv2%2Fmedia&parent=909"}],"curies":[{"name":"wp","href":"https:\/\/api.w.org\/{rel}","templated":true}]}}